{"id":824,"date":"2024-09-10T14:51:56","date_gmt":"2024-09-10T14:51:56","guid":{"rendered":"https:\/\/appartamenti-valledaosta.it\/notre-vert\/"},"modified":"2024-11-01T10:25:26","modified_gmt":"2024-11-01T10:25:26","slug":"notre-vert","status":"publish","type":"page","link":"https:\/\/appartamenti-valledaosta.it\/fr\/notre-vert\/","title":{"rendered":"Notre vert"},"content":{"rendered":"\t\t<div data-elementor-type=\"wp-page\" data-elementor-id=\"824\" class=\"elementor elementor-824 elementor-105\" data-elementor-post-type=\"page\">\n\t\t\t\t<div class=\"elementor-element elementor-element-72b91a6 e-flex e-con-boxed e-con e-parent\" data-id=\"72b91a6\" data-element_type=\"container\" data-e-type=\"container\">\n\t\t\t\t\t<div class=\"e-con-inner\">\n\t\t<div class=\"elementor-element elementor-element-be6474e e-con-full e-flex e-con e-child\" data-id=\"be6474e\" data-element_type=\"container\" data-e-type=\"container\">\n\t\t\t\t<div class=\"elementor-element elementor-element-60e47a0 elementor-view-default elementor-widget elementor-widget-icon\" data-id=\"60e47a0\" data-element_type=\"widget\" data-e-type=\"widget\" data-widget_type=\"icon.default\">\n\t\t\t\t<div class=\"elementor-widget-container\">\n\t\t\t\t\t\t\t<div class=\"elementor-icon-wrapper\">\n\t\t\t<div class=\"elementor-icon\">\n\t\t\t<svg xmlns=\"http:\/\/www.w3.org\/2000\/svg\" xmlns:xlink=\"http:\/\/www.w3.org\/1999\/xlink\" xmlns:serif=\"http:\/\/www.serif.com\/\" width=\"100%\" height=\"100%\" viewBox=\"0 0 164 6\" xml:space=\"preserve\" style=\"fill-rule:evenodd;clip-rule:evenodd;stroke-linejoin:round;stroke-miterlimit:2;\"><path d=\"M163.552,3.521c-13.486,0.372 -26.972,0.598 -40.459,0.828c-13.487,0.196 -26.974,0.381 -40.46,0.494c-13.487,0.155 -26.973,0.199 -40.46,0.286l-40.459,0.099l-1.704,0.004l-0.003,-1.711l-0.004,-1.807l-0.003,-1.714l1.714,0.004l40.459,0.087l20.23,0.119l10.115,0.06l10.115,0.1l20.23,0.207l20.229,0.275c13.488,0.229 26.974,0.447 40.461,0.816l0.046,0.002l-0.001,0.044l-0.045,1.807Zm-0,0l-0.046,-1.807l0.046,0.046c-13.487,0.369 -26.973,0.587 -40.461,0.816l-20.229,0.275l-20.23,0.208l-10.115,0.099l-10.115,0.06l-20.23,0.12l-40.459,0.087l1.711,-1.711l-0.004,1.807l-1.707,-1.707l40.459,0.099c13.487,0.088 26.973,0.132 40.46,0.287c13.486,0.112 26.973,0.298 40.46,0.493c13.487,0.231 26.973,0.456 40.459,0.828\" style=\"fill-rule:nonzero;\"><\/path><\/svg>\t\t\t<\/div>\n\t\t<\/div>\n\t\t\t\t\t\t<\/div>\n\t\t\t\t<\/div>\n\t\t\t\t<div class=\"elementor-element elementor-element-5a2b592 elementor-widget elementor-widget-text-editor\" data-id=\"5a2b592\" data-element_type=\"widget\" data-e-type=\"widget\" data-widget_type=\"text-editor.default\">\n\t\t\t\t<div class=\"elementor-widget-container\">\n\t\t\t\t\t\t\t\t\t<p><strong>Jardin de 8 000 m\u00e8tres carr\u00e9s.<\/strong> <strong>disponible pour tous les invit\u00e9s<\/strong><\/p>\n\t\t\t\t\t\t\t\t<\/div>\n\t\t\t\t<\/div>\n\t\t\t\t<div class=\"elementor-element elementor-element-e55db28 elementor-view-default elementor-widget elementor-widget-icon\" data-id=\"e55db28\" data-element_type=\"widget\" data-e-type=\"widget\" data-widget_type=\"icon.default\">\n\t\t\t\t<div class=\"elementor-widget-container\">\n\t\t\t\t\t\t\t<div class=\"elementor-icon-wrapper\">\n\t\t\t<div class=\"elementor-icon\">\n\t\t\t<svg xmlns=\"http:\/\/www.w3.org\/2000\/svg\" xmlns:xlink=\"http:\/\/www.w3.org\/1999\/xlink\" xmlns:serif=\"http:\/\/www.serif.com\/\" width=\"100%\" height=\"100%\" viewBox=\"0 0 1221 40\" xml:space=\"preserve\" style=\"fill-rule:evenodd;clip-rule:evenodd;stroke-linejoin:round;stroke-miterlimit:2;\"><path d=\"M0.348,26.28c100.649,-2.78 201.297,-4.464 301.945,-6.177c100.648,-1.465 201.304,-2.844 301.952,-3.69c100.648,-1.151 201.296,-1.478 301.944,-2.132l301.945,-0.739l-12.738,12.738l-0.021,-13.485l12.759,12.76l-301.945,-0.647l-150.975,-0.896l-75.485,-0.448l-75.484,-0.739l-150.976,-1.549l-150.976,-2.048c-100.648,-1.713 -201.296,-3.341 -301.945,-6.092l0.342,-0.341l-0.342,13.485Zm0,-0l-0.341,-13.485l-0.007,-0.334l0.348,-0.007c100.649,-2.758 201.297,-4.386 301.945,-6.099l150.976,-2.047l150.976,-1.55l75.484,-0.739l75.485,-0.448l150.975,-0.896l301.945,-0.647l12.795,-0.028l-0.028,12.795l-0.029,13.485l-0.021,12.767l-12.717,-0.029l-301.945,-0.739c-100.648,-0.654 -201.296,-0.981 -301.944,-2.133c-100.648,-0.846 -201.304,-2.225 -301.952,-3.689c-100.648,-1.713 -201.296,-3.398 -301.945,-6.177\" style=\"fill-rule:nonzero;\"><\/path><\/svg>\t\t\t<\/div>\n\t\t<\/div>\n\t\t\t\t\t\t<\/div>\n\t\t\t\t<\/div>\n\t\t\t\t<\/div>\n\t\t\t\t\t<\/div>\n\t\t\t\t<\/div>\n\t\t<div class=\"elementor-element elementor-element-f44918e e-flex e-con-boxed e-con e-parent\" data-id=\"f44918e\" data-element_type=\"container\" data-e-type=\"container\">\n\t\t\t\t\t<div class=\"e-con-inner\">\n\t\t\t\t<div class=\"elementor-element elementor-element-143f772 elementor-widget__width-auto elementor-absolute elementor-view-default elementor-widget elementor-widget-icon\" data-id=\"143f772\" data-element_type=\"widget\" data-e-type=\"widget\" data-settings=\"{&quot;_position&quot;:&quot;absolute&quot;}\" data-widget_type=\"icon.default\">\n\t\t\t\t<div class=\"elementor-widget-container\">\n\t\t\t\t\t\t\t<div class=\"elementor-icon-wrapper\">\n\t\t\t<div class=\"elementor-icon\">\n\t\t\t<svg xmlns=\"http:\/\/www.w3.org\/2000\/svg\" xmlns:xlink=\"http:\/\/www.w3.org\/1999\/xlink\" xmlns:serif=\"http:\/\/www.serif.com\/\" width=\"100%\" height=\"100%\" viewBox=\"0 0 22 27\" xml:space=\"preserve\" style=\"fill-rule:evenodd;clip-rule:evenodd;stroke-linejoin:round;stroke-miterlimit:2;\"><path d=\"M9.067,13.648c0.142,0.184 0.284,0.37 0.414,0.563c0.131,0.195 0.257,0.388 0.377,0.599l-0.419,0.081c-0.273,-1.797 -0.376,-3.607 -0.331,-5.444c0.068,-1.837 0.239,-3.696 0.928,-5.614c0.179,-0.479 0.399,-0.962 0.692,-1.445c0.295,-0.48 0.666,-0.966 1.185,-1.388c0.51,-0.423 1.182,-0.767 1.898,-0.91c0.712,-0.147 1.44,-0.1 2.04,0.039c1.038,0.215 2.197,0.645 3.193,1.479c0.498,0.411 0.929,0.928 1.267,1.484c0.341,0.558 0.578,1.154 0.739,1.741c0.32,1.181 0.331,2.312 0.243,3.363c-0.096,1.052 -0.287,2.046 -0.555,2.994c-0.533,1.896 -1.256,3.651 -2.086,5.326c-0.817,1.682 -1.747,3.278 -2.728,4.832c-0.487,0.78 -1.002,1.539 -1.53,2.289c-0.534,0.756 -1.051,1.48 -1.652,2.243l-0.073,0.093c-0.718,0.913 -2.04,1.069 -2.952,0.351c-0.046,-0.036 -0.093,-0.077 -0.135,-0.116c-0.875,-0.817 -1.67,-1.61 -2.475,-2.442c-0.79,-0.837 -1.563,-1.692 -2.314,-2.574c-1.476,-1.792 -2.909,-3.634 -3.987,-5.901c-0.261,-0.573 -0.5,-1.179 -0.661,-1.866c-0.081,-0.342 -0.136,-0.711 -0.144,-1.109c-0.009,-0.395 0.035,-0.834 0.187,-1.276c0.148,-0.441 0.421,-0.87 0.757,-1.181c0.167,-0.158 0.347,-0.287 0.527,-0.394c0.093,-0.056 0.176,-0.097 0.277,-0.147l0.21,-0.09c0.646,-0.273 1.335,-0.438 2.054,-0.419c0.714,0.02 1.405,0.234 1.975,0.565c0.572,0.334 1.038,0.762 1.428,1.224c0.389,0.463 0.71,0.958 0.976,1.473c0.268,0.514 0.497,1.037 0.675,1.577c-0.697,-0.89 -1.468,-1.714 -2.332,-2.316c-0.855,-0.61 -1.816,-0.91 -2.619,-0.723c-0.4,0.083 -0.8,0.269 -1.143,0.513l-0.158,0.11c-0.02,0.021 -0.058,0.05 -0.079,0.075c-0.051,0.051 -0.087,0.102 -0.114,0.147c-0.051,0.092 -0.06,0.164 -0.063,0.261c-0.011,0.19 0.066,0.537 0.23,0.922c0.161,0.386 0.397,0.8 0.67,1.208c0.55,0.818 1.212,1.635 1.926,2.417c0.707,0.79 1.458,1.561 2.236,2.311c0.768,0.76 1.564,1.503 2.376,2.227c0.798,0.728 1.635,1.466 2.439,2.129l-3.16,0.327c0.462,-0.663 0.964,-1.397 1.427,-2.114c0.469,-0.724 0.922,-1.457 1.376,-2.188c0.898,-1.467 1.738,-2.961 2.51,-4.464c0.753,-1.509 1.449,-3.032 1.935,-4.548c0.236,-0.756 0.443,-1.503 0.547,-2.22c0.109,-0.714 0.117,-1.389 0.028,-1.944c-0.098,-0.558 -0.289,-0.966 -0.62,-1.324c-0.329,-0.365 -0.846,-0.679 -1.526,-0.899c-0.256,-0.091 -0.434,-0.134 -0.602,-0.135c-0.164,-0.003 -0.326,0.03 -0.526,0.141c-0.4,0.219 -0.878,0.765 -1.245,1.428c-0.375,0.665 -0.703,1.428 -0.973,2.223c-0.278,0.797 -0.513,1.628 -0.723,2.472c-0.417,1.691 -0.742,3.44 -1.011,5.201l-0.01,0.067c-0.017,0.114 -0.124,0.192 -0.237,0.174c-0.087,-0.013 -0.153,-0.079 -0.172,-0.16c-0.049,-0.214 -0.112,-0.438 -0.178,-0.656c-0.067,-0.22 -0.133,-0.442 -0.209,-0.662\" style=\"fill-rule:nonzero;\"><\/path><\/svg>\t\t\t<\/div>\n\t\t<\/div>\n\t\t\t\t\t\t<\/div>\n\t\t\t\t<\/div>\n\t\t\t\t\t<\/div>\n\t\t\t\t<\/div>\n\t\t<div class=\"elementor-element elementor-element-5d9a860 e-flex e-con-boxed e-con e-parent\" data-id=\"5d9a860\" data-element_type=\"container\" data-e-type=\"container\">\n\t\t\t\t\t<div class=\"e-con-inner\">\n\t\t<div class=\"elementor-element elementor-element-5cf779f e-con-full e-flex e-con e-child\" data-id=\"5cf779f\" data-element_type=\"container\" data-e-type=\"container\">\n\t\t\t\t<div class=\"elementor-element elementor-element-e7630fc elementor-widget elementor-widget-text-editor\" data-id=\"e7630fc\" data-element_type=\"widget\" data-e-type=\"widget\" data-widget_type=\"text-editor.default\">\n\t\t\t\t<div class=\"elementor-widget-container\">\n\t\t\t\t\t\t\t\t\t<p>&nbsp;L<strong>&lsquo;espace vert<\/strong> situ\u00e9 \u00e0 quelques pas des maisons (route \u00e0 traverser) est un <strong>jardin de 8 000 m2<\/strong> \u00e9quip\u00e9 de chaises, de tables, de transats et d&rsquo;un barbecue, id\u00e9al pour une<strong>pause d\u00e9tente et pour les jeux des enfants.<\/strong><\/p>\n\t\t\t\t\t\t\t\t<\/div>\n\t\t\t\t<\/div>\n\t\t\t\t<\/div>\n\t\t<div class=\"elementor-element elementor-element-e3353cb e-con-full e-flex e-con e-child\" data-id=\"e3353cb\" data-element_type=\"container\" data-e-type=\"container\">\n\t\t\t\t<div class=\"elementor-element elementor-element-5bd42ab elementor-widget elementor-widget-text-editor\" data-id=\"5bd42ab\" data-element_type=\"widget\" data-e-type=\"widget\" data-widget_type=\"text-editor.default\">\n\t\t\t\t<div class=\"elementor-widget-container\">\n\t\t\t\t\t\t\t\t\t<p>L&rsquo;espace est \u00e9galement \u00e9quip\u00e9 d&rsquo;un petit mur d&rsquo;escalade pour initier nos jeunes h\u00f4tes \u00e0 ce sport en toute s\u00e9curit\u00e9.<\/p>\n<p>L&rsquo;espace vert des appartements de vacances Vieilles Maisons comprend \u00e9galement un jardin potager \u00e0 l&rsquo;usage des h\u00f4tes.<\/p>\n<p>En fonction de ce que la nature nous offre, chacun aura l&rsquo;occasion de d\u00e9guster des produits authentiques et savoureux<\/p>\n\t\t\t\t\t\t\t\t<\/div>\n\t\t\t\t<\/div>\n\t\t\t\t<\/div>\n\t\t\t\t\t<\/div>\n\t\t\t\t<\/div>\n\t\t<div class=\"elementor-element elementor-element-947761f e-flex e-con-boxed e-con e-parent\" data-id=\"947761f\" data-element_type=\"container\" data-e-type=\"container\">\n\t\t\t\t\t<div class=\"e-con-inner\">\n\t\t\t\t<div class=\"elementor-element elementor-element-6adb93d elementor-widget elementor-widget-gallery\" data-id=\"6adb93d\" data-element_type=\"widget\" data-e-type=\"widget\" data-settings=\"{&quot;gap&quot;:{&quot;unit&quot;:&quot;px&quot;,&quot;size&quot;:4,&quot;sizes&quot;:[]},&quot;columns_mobile&quot;:2,&quot;lazyload&quot;:&quot;yes&quot;,&quot;gallery_layout&quot;:&quot;grid&quot;,&quot;columns&quot;:4,&quot;columns_tablet&quot;:2,&quot;gap_tablet&quot;:{&quot;unit&quot;:&quot;px&quot;,&quot;size&quot;:10,&quot;sizes&quot;:[]},&quot;gap_mobile&quot;:{&quot;unit&quot;:&quot;px&quot;,&quot;size&quot;:10,&quot;sizes&quot;:[]},&quot;link_to&quot;:&quot;file&quot;,&quot;aspect_ratio&quot;:&quot;3:2&quot;,&quot;overlay_background&quot;:&quot;yes&quot;,&quot;content_hover_animation&quot;:&quot;fade-in&quot;}\" data-widget_type=\"gallery.default\">\n\t\t\t\t<div class=\"elementor-widget-container\">\n\t\t\t\t\t\t\t<div class=\"elementor-gallery__container\">\n\t\t\t\t\t\t\t<a class=\"e-gallery-item elementor-gallery-item elementor-animated-content\" href=\"https:\/\/appartamenti-valledaosta.it\/wp-content\/uploads\/2024\/09\/Appartamenti-Valle-dAosta-Vieilles-maisons-d-introd-Area-verde-20180628_164913.jpg\" data-elementor-open-lightbox=\"yes\" data-elementor-lightbox-slideshow=\"6adb93d\" data-e-action-hash=\"#elementor-action%3Aaction%3Dlightbox%26settings%3DeyJpZCI6MTE5LCJ1cmwiOiJodHRwczpcL1wvYXBwYXJ0YW1lbnRpLXZhbGxlZGFvc3RhLml0XC93cC1jb250ZW50XC91cGxvYWRzXC8yMDI0XC8wOVwvQXBwYXJ0YW1lbnRpLVZhbGxlLWRBb3N0YS1WaWVpbGxlcy1tYWlzb25zLWQtaW50cm9kLUFyZWEtdmVyZGUtMjAxODA2MjhfMTY0OTEzLmpwZyIsInNsaWRlc2hvdyI6IjZhZGI5M2QifQ%3D%3D\">\n\t\t\t\t\t<div class=\"e-gallery-image elementor-gallery-item__image\" data-thumbnail=\"https:\/\/appartamenti-valledaosta.it\/wp-content\/uploads\/2024\/09\/Appartamenti-Valle-dAosta-Vieilles-maisons-d-introd-Area-verde-20180628_164913-768x1024.jpg\" data-width=\"768\" data-height=\"1024\" aria-label=\"\" role=\"img\" ><\/div>\n\t\t\t\t\t\t\t\t\t\t\t<div class=\"elementor-gallery-item__overlay\"><\/div>\n\t\t\t\t\t\t\t\t\t\t\t\t\t\t<\/a>\n\t\t\t\t\t\t\t<a class=\"e-gallery-item elementor-gallery-item elementor-animated-content\" href=\"https:\/\/appartamenti-valledaosta.it\/wp-content\/uploads\/2024\/09\/Appartamenti-Valle-dAosta-Vieilles-maisons-d-introd-Area-verde-20180628_165037.jpg\" data-elementor-open-lightbox=\"yes\" data-elementor-lightbox-slideshow=\"6adb93d\" data-e-action-hash=\"#elementor-action%3Aaction%3Dlightbox%26settings%3DeyJpZCI6MTIwLCJ1cmwiOiJodHRwczpcL1wvYXBwYXJ0YW1lbnRpLXZhbGxlZGFvc3RhLml0XC93cC1jb250ZW50XC91cGxvYWRzXC8yMDI0XC8wOVwvQXBwYXJ0YW1lbnRpLVZhbGxlLWRBb3N0YS1WaWVpbGxlcy1tYWlzb25zLWQtaW50cm9kLUFyZWEtdmVyZGUtMjAxODA2MjhfMTY1MDM3LmpwZyIsInNsaWRlc2hvdyI6IjZhZGI5M2QifQ%3D%3D\">\n\t\t\t\t\t<div class=\"e-gallery-image elementor-gallery-item__image\" data-thumbnail=\"https:\/\/appartamenti-valledaosta.it\/wp-content\/uploads\/2024\/09\/Appartamenti-Valle-dAosta-Vieilles-maisons-d-introd-Area-verde-20180628_165037-1024x768.jpg\" data-width=\"800\" data-height=\"600\" aria-label=\"\" role=\"img\" ><\/div>\n\t\t\t\t\t\t\t\t\t\t\t<div class=\"elementor-gallery-item__overlay\"><\/div>\n\t\t\t\t\t\t\t\t\t\t\t\t\t\t<\/a>\n\t\t\t\t\t\t\t<a class=\"e-gallery-item elementor-gallery-item elementor-animated-content\" href=\"https:\/\/appartamenti-valledaosta.it\/wp-content\/uploads\/2024\/09\/Appartamenti-Valle-dAosta-Vieilles-maisons-d-introd-Area-verde-20180628_171301.jpg\" data-elementor-open-lightbox=\"yes\" data-elementor-lightbox-slideshow=\"6adb93d\" data-e-action-hash=\"#elementor-action%3Aaction%3Dlightbox%26settings%3DeyJpZCI6MTIxLCJ1cmwiOiJodHRwczpcL1wvYXBwYXJ0YW1lbnRpLXZhbGxlZGFvc3RhLml0XC93cC1jb250ZW50XC91cGxvYWRzXC8yMDI0XC8wOVwvQXBwYXJ0YW1lbnRpLVZhbGxlLWRBb3N0YS1WaWVpbGxlcy1tYWlzb25zLWQtaW50cm9kLUFyZWEtdmVyZGUtMjAxODA2MjhfMTcxMzAxLmpwZyIsInNsaWRlc2hvdyI6IjZhZGI5M2QifQ%3D%3D\">\n\t\t\t\t\t<div class=\"e-gallery-image elementor-gallery-item__image\" data-thumbnail=\"https:\/\/appartamenti-valledaosta.it\/wp-content\/uploads\/2024\/09\/Appartamenti-Valle-dAosta-Vieilles-maisons-d-introd-Area-verde-20180628_171301-1024x768.jpg\" data-width=\"800\" data-height=\"600\" aria-label=\"\" role=\"img\" ><\/div>\n\t\t\t\t\t\t\t\t\t\t\t<div class=\"elementor-gallery-item__overlay\"><\/div>\n\t\t\t\t\t\t\t\t\t\t\t\t\t\t<\/a>\n\t\t\t\t\t\t\t<a class=\"e-gallery-item elementor-gallery-item elementor-animated-content\" href=\"https:\/\/appartamenti-valledaosta.it\/wp-content\/uploads\/2024\/09\/Appartamenti-Valle-dAosta-Vieilles-maisons-d-introd-Area-verde-20180628_171715.jpg\" data-elementor-open-lightbox=\"yes\" data-elementor-lightbox-slideshow=\"6adb93d\" data-e-action-hash=\"#elementor-action%3Aaction%3Dlightbox%26settings%3DeyJpZCI6MTIyLCJ1cmwiOiJodHRwczpcL1wvYXBwYXJ0YW1lbnRpLXZhbGxlZGFvc3RhLml0XC93cC1jb250ZW50XC91cGxvYWRzXC8yMDI0XC8wOVwvQXBwYXJ0YW1lbnRpLVZhbGxlLWRBb3N0YS1WaWVpbGxlcy1tYWlzb25zLWQtaW50cm9kLUFyZWEtdmVyZGUtMjAxODA2MjhfMTcxNzE1LmpwZyIsInNsaWRlc2hvdyI6IjZhZGI5M2QifQ%3D%3D\">\n\t\t\t\t\t<div class=\"e-gallery-image elementor-gallery-item__image\" data-thumbnail=\"https:\/\/appartamenti-valledaosta.it\/wp-content\/uploads\/2024\/09\/Appartamenti-Valle-dAosta-Vieilles-maisons-d-introd-Area-verde-20180628_171715-768x1024.jpg\" data-width=\"768\" data-height=\"1024\" aria-label=\"\" role=\"img\" ><\/div>\n\t\t\t\t\t\t\t\t\t\t\t<div class=\"elementor-gallery-item__overlay\"><\/div>\n\t\t\t\t\t\t\t\t\t\t\t\t\t\t<\/a>\n\t\t\t\t\t\t\t<a class=\"e-gallery-item elementor-gallery-item elementor-animated-content\" href=\"https:\/\/appartamenti-valledaosta.it\/wp-content\/uploads\/2024\/09\/Appartamenti-Valle-dAosta-Vieilles-maisons-d-introd-Area-verde-20180628_171730.jpg\" data-elementor-open-lightbox=\"yes\" data-elementor-lightbox-slideshow=\"6adb93d\" data-e-action-hash=\"#elementor-action%3Aaction%3Dlightbox%26settings%3DeyJpZCI6MTIzLCJ1cmwiOiJodHRwczpcL1wvYXBwYXJ0YW1lbnRpLXZhbGxlZGFvc3RhLml0XC93cC1jb250ZW50XC91cGxvYWRzXC8yMDI0XC8wOVwvQXBwYXJ0YW1lbnRpLVZhbGxlLWRBb3N0YS1WaWVpbGxlcy1tYWlzb25zLWQtaW50cm9kLUFyZWEtdmVyZGUtMjAxODA2MjhfMTcxNzMwLmpwZyIsInNsaWRlc2hvdyI6IjZhZGI5M2QifQ%3D%3D\">\n\t\t\t\t\t<div class=\"e-gallery-image elementor-gallery-item__image\" data-thumbnail=\"https:\/\/appartamenti-valledaosta.it\/wp-content\/uploads\/2024\/09\/Appartamenti-Valle-dAosta-Vieilles-maisons-d-introd-Area-verde-20180628_171730-768x1024.jpg\" data-width=\"768\" data-height=\"1024\" aria-label=\"\" role=\"img\" ><\/div>\n\t\t\t\t\t\t\t\t\t\t\t<div class=\"elementor-gallery-item__overlay\"><\/div>\n\t\t\t\t\t\t\t\t\t\t\t\t\t\t<\/a>\n\t\t\t\t\t\t\t<a class=\"e-gallery-item elementor-gallery-item elementor-animated-content\" href=\"https:\/\/appartamenti-valledaosta.it\/wp-content\/uploads\/2024\/09\/Appartamenti-Valle-dAosta-Vieilles-maisons-d-introd-Area-verde-20180628_171825.jpg\" data-elementor-open-lightbox=\"yes\" data-elementor-lightbox-slideshow=\"6adb93d\" data-e-action-hash=\"#elementor-action%3Aaction%3Dlightbox%26settings%3DeyJpZCI6MTI0LCJ1cmwiOiJodHRwczpcL1wvYXBwYXJ0YW1lbnRpLXZhbGxlZGFvc3RhLml0XC93cC1jb250ZW50XC91cGxvYWRzXC8yMDI0XC8wOVwvQXBwYXJ0YW1lbnRpLVZhbGxlLWRBb3N0YS1WaWVpbGxlcy1tYWlzb25zLWQtaW50cm9kLUFyZWEtdmVyZGUtMjAxODA2MjhfMTcxODI1LmpwZyIsInNsaWRlc2hvdyI6IjZhZGI5M2QifQ%3D%3D\">\n\t\t\t\t\t<div class=\"e-gallery-image elementor-gallery-item__image\" data-thumbnail=\"https:\/\/appartamenti-valledaosta.it\/wp-content\/uploads\/2024\/09\/Appartamenti-Valle-dAosta-Vieilles-maisons-d-introd-Area-verde-20180628_171825.jpg\" data-width=\"750\" data-height=\"1000\" aria-label=\"\" role=\"img\" ><\/div>\n\t\t\t\t\t\t\t\t\t\t\t<div class=\"elementor-gallery-item__overlay\"><\/div>\n\t\t\t\t\t\t\t\t\t\t\t\t\t\t<\/a>\n\t\t\t\t\t\t\t<a class=\"e-gallery-item elementor-gallery-item elementor-animated-content\" href=\"https:\/\/appartamenti-valledaosta.it\/wp-content\/uploads\/2024\/09\/Appartamenti-Valle-dAosta-Vieilles-maisons-d-introd-Area-verde-IMG_20200706_145556.jpg\" data-elementor-open-lightbox=\"yes\" data-elementor-lightbox-slideshow=\"6adb93d\" data-e-action-hash=\"#elementor-action%3Aaction%3Dlightbox%26settings%3DeyJpZCI6MTI1LCJ1cmwiOiJodHRwczpcL1wvYXBwYXJ0YW1lbnRpLXZhbGxlZGFvc3RhLml0XC93cC1jb250ZW50XC91cGxvYWRzXC8yMDI0XC8wOVwvQXBwYXJ0YW1lbnRpLVZhbGxlLWRBb3N0YS1WaWVpbGxlcy1tYWlzb25zLWQtaW50cm9kLUFyZWEtdmVyZGUtSU1HXzIwMjAwNzA2XzE0NTU1Ni5qcGciLCJzbGlkZXNob3ciOiI2YWRiOTNkIn0%3D\">\n\t\t\t\t\t<div class=\"e-gallery-image elementor-gallery-item__image\" data-thumbnail=\"https:\/\/appartamenti-valledaosta.it\/wp-content\/uploads\/2024\/09\/Appartamenti-Valle-dAosta-Vieilles-maisons-d-introd-Area-verde-IMG_20200706_145556-1024x768.jpg\" data-width=\"800\" data-height=\"600\" aria-label=\"\" role=\"img\" ><\/div>\n\t\t\t\t\t\t\t\t\t\t\t<div class=\"elementor-gallery-item__overlay\"><\/div>\n\t\t\t\t\t\t\t\t\t\t\t\t\t\t<\/a>\n\t\t\t\t\t\t\t<a class=\"e-gallery-item elementor-gallery-item elementor-animated-content\" href=\"https:\/\/appartamenti-valledaosta.it\/wp-content\/uploads\/2024\/09\/Appartamenti-Valle-dAosta-Vieilles-maisons-d-introd-Area-verde-IMG_20200706_145609.jpg\" data-elementor-open-lightbox=\"yes\" data-elementor-lightbox-slideshow=\"6adb93d\" data-e-action-hash=\"#elementor-action%3Aaction%3Dlightbox%26settings%3DeyJpZCI6MTI2LCJ1cmwiOiJodHRwczpcL1wvYXBwYXJ0YW1lbnRpLXZhbGxlZGFvc3RhLml0XC93cC1jb250ZW50XC91cGxvYWRzXC8yMDI0XC8wOVwvQXBwYXJ0YW1lbnRpLVZhbGxlLWRBb3N0YS1WaWVpbGxlcy1tYWlzb25zLWQtaW50cm9kLUFyZWEtdmVyZGUtSU1HXzIwMjAwNzA2XzE0NTYwOS5qcGciLCJzbGlkZXNob3ciOiI2YWRiOTNkIn0%3D\">\n\t\t\t\t\t<div class=\"e-gallery-image elementor-gallery-item__image\" data-thumbnail=\"https:\/\/appartamenti-valledaosta.it\/wp-content\/uploads\/2024\/09\/Appartamenti-Valle-dAosta-Vieilles-maisons-d-introd-Area-verde-IMG_20200706_145609-768x1024.jpg\" data-width=\"768\" data-height=\"1024\" aria-label=\"\" role=\"img\" ><\/div>\n\t\t\t\t\t\t\t\t\t\t\t<div class=\"elementor-gallery-item__overlay\"><\/div>\n\t\t\t\t\t\t\t\t\t\t\t\t\t\t<\/a>\n\t\t\t\t\t\t\t<a class=\"e-gallery-item elementor-gallery-item elementor-animated-content\" href=\"https:\/\/appartamenti-valledaosta.it\/wp-content\/uploads\/2024\/09\/Appartamenti-Valle-dAosta-Vieilles-maisons-d-introd-Area-verde-IMG_20200706_145627.jpg\" data-elementor-open-lightbox=\"yes\" data-elementor-lightbox-slideshow=\"6adb93d\" data-e-action-hash=\"#elementor-action%3Aaction%3Dlightbox%26settings%3DeyJpZCI6MTI3LCJ1cmwiOiJodHRwczpcL1wvYXBwYXJ0YW1lbnRpLXZhbGxlZGFvc3RhLml0XC93cC1jb250ZW50XC91cGxvYWRzXC8yMDI0XC8wOVwvQXBwYXJ0YW1lbnRpLVZhbGxlLWRBb3N0YS1WaWVpbGxlcy1tYWlzb25zLWQtaW50cm9kLUFyZWEtdmVyZGUtSU1HXzIwMjAwNzA2XzE0NTYyNy5qcGciLCJzbGlkZXNob3ciOiI2YWRiOTNkIn0%3D\">\n\t\t\t\t\t<div class=\"e-gallery-image elementor-gallery-item__image\" data-thumbnail=\"https:\/\/appartamenti-valledaosta.it\/wp-content\/uploads\/2024\/09\/Appartamenti-Valle-dAosta-Vieilles-maisons-d-introd-Area-verde-IMG_20200706_145627-1024x768.jpg\" data-width=\"800\" data-height=\"600\" aria-label=\"\" role=\"img\" ><\/div>\n\t\t\t\t\t\t\t\t\t\t\t<div class=\"elementor-gallery-item__overlay\"><\/div>\n\t\t\t\t\t\t\t\t\t\t\t\t\t\t<\/a>\n\t\t\t\t\t\t\t<a class=\"e-gallery-item elementor-gallery-item elementor-animated-content\" href=\"https:\/\/appartamenti-valledaosta.it\/wp-content\/uploads\/2024\/09\/Appartamenti-Valle-dAosta-Vieilles-maisons-d-introd-Area-verde-IMG_20200706_145851.jpg\" data-elementor-open-lightbox=\"yes\" data-elementor-lightbox-slideshow=\"6adb93d\" data-e-action-hash=\"#elementor-action%3Aaction%3Dlightbox%26settings%3DeyJpZCI6MTI4LCJ1cmwiOiJodHRwczpcL1wvYXBwYXJ0YW1lbnRpLXZhbGxlZGFvc3RhLml0XC93cC1jb250ZW50XC91cGxvYWRzXC8yMDI0XC8wOVwvQXBwYXJ0YW1lbnRpLVZhbGxlLWRBb3N0YS1WaWVpbGxlcy1tYWlzb25zLWQtaW50cm9kLUFyZWEtdmVyZGUtSU1HXzIwMjAwNzA2XzE0NTg1MS5qcGciLCJzbGlkZXNob3ciOiI2YWRiOTNkIn0%3D\">\n\t\t\t\t\t<div class=\"e-gallery-image elementor-gallery-item__image\" data-thumbnail=\"https:\/\/appartamenti-valledaosta.it\/wp-content\/uploads\/2024\/09\/Appartamenti-Valle-dAosta-Vieilles-maisons-d-introd-Area-verde-IMG_20200706_145851-768x1024.jpg\" data-width=\"768\" data-height=\"1024\" aria-label=\"\" role=\"img\" ><\/div>\n\t\t\t\t\t\t\t\t\t\t\t<div class=\"elementor-gallery-item__overlay\"><\/div>\n\t\t\t\t\t\t\t\t\t\t\t\t\t\t<\/a>\n\t\t\t\t\t\t\t<a class=\"e-gallery-item elementor-gallery-item elementor-animated-content\" href=\"https:\/\/appartamenti-valledaosta.it\/wp-content\/uploads\/2024\/09\/Appartamenti-Valle-dAosta-Vieilles-maisons-d-introd-Area-verde-IMG_20200706_145911.jpg\" data-elementor-open-lightbox=\"yes\" data-elementor-lightbox-slideshow=\"6adb93d\" data-e-action-hash=\"#elementor-action%3Aaction%3Dlightbox%26settings%3DeyJpZCI6MTI5LCJ1cmwiOiJodHRwczpcL1wvYXBwYXJ0YW1lbnRpLXZhbGxlZGFvc3RhLml0XC93cC1jb250ZW50XC91cGxvYWRzXC8yMDI0XC8wOVwvQXBwYXJ0YW1lbnRpLVZhbGxlLWRBb3N0YS1WaWVpbGxlcy1tYWlzb25zLWQtaW50cm9kLUFyZWEtdmVyZGUtSU1HXzIwMjAwNzA2XzE0NTkxMS5qcGciLCJzbGlkZXNob3ciOiI2YWRiOTNkIn0%3D\">\n\t\t\t\t\t<div class=\"e-gallery-image elementor-gallery-item__image\" data-thumbnail=\"https:\/\/appartamenti-valledaosta.it\/wp-content\/uploads\/2024\/09\/Appartamenti-Valle-dAosta-Vieilles-maisons-d-introd-Area-verde-IMG_20200706_145911-768x1024.jpg\" data-width=\"768\" data-height=\"1024\" aria-label=\"\" role=\"img\" ><\/div>\n\t\t\t\t\t\t\t\t\t\t\t<div class=\"elementor-gallery-item__overlay\"><\/div>\n\t\t\t\t\t\t\t\t\t\t\t\t\t\t<\/a>\n\t\t\t\t\t\t\t<a class=\"e-gallery-item elementor-gallery-item elementor-animated-content\" href=\"https:\/\/appartamenti-valledaosta.it\/wp-content\/uploads\/2024\/09\/Appartamenti-Valle-dAosta-Vieilles-maisons-d-introd-Area-verde-IMG_20200706_145937.jpg\" data-elementor-open-lightbox=\"yes\" data-elementor-lightbox-slideshow=\"6adb93d\" data-e-action-hash=\"#elementor-action%3Aaction%3Dlightbox%26settings%3DeyJpZCI6MTMwLCJ1cmwiOiJodHRwczpcL1wvYXBwYXJ0YW1lbnRpLXZhbGxlZGFvc3RhLml0XC93cC1jb250ZW50XC91cGxvYWRzXC8yMDI0XC8wOVwvQXBwYXJ0YW1lbnRpLVZhbGxlLWRBb3N0YS1WaWVpbGxlcy1tYWlzb25zLWQtaW50cm9kLUFyZWEtdmVyZGUtSU1HXzIwMjAwNzA2XzE0NTkzNy5qcGciLCJzbGlkZXNob3ciOiI2YWRiOTNkIn0%3D\">\n\t\t\t\t\t<div class=\"e-gallery-image elementor-gallery-item__image\" data-thumbnail=\"https:\/\/appartamenti-valledaosta.it\/wp-content\/uploads\/2024\/09\/Appartamenti-Valle-dAosta-Vieilles-maisons-d-introd-Area-verde-IMG_20200706_145937-768x1024.jpg\" data-width=\"768\" data-height=\"1024\" aria-label=\"\" role=\"img\" ><\/div>\n\t\t\t\t\t\t\t\t\t\t\t<div class=\"elementor-gallery-item__overlay\"><\/div>\n\t\t\t\t\t\t\t\t\t\t\t\t\t\t<\/a>\n\t\t\t\t\t\t\t<a class=\"e-gallery-item elementor-gallery-item elementor-animated-content\" href=\"https:\/\/appartamenti-valledaosta.it\/wp-content\/uploads\/2024\/09\/Appartamenti-Valle-dAosta-Vieilles-maisons-d-introd-Area-verde-IMG_20200706_145954.jpg\" data-elementor-open-lightbox=\"yes\" data-elementor-lightbox-slideshow=\"6adb93d\" data-e-action-hash=\"#elementor-action%3Aaction%3Dlightbox%26settings%3DeyJpZCI6MTMxLCJ1cmwiOiJodHRwczpcL1wvYXBwYXJ0YW1lbnRpLXZhbGxlZGFvc3RhLml0XC93cC1jb250ZW50XC91cGxvYWRzXC8yMDI0XC8wOVwvQXBwYXJ0YW1lbnRpLVZhbGxlLWRBb3N0YS1WaWVpbGxlcy1tYWlzb25zLWQtaW50cm9kLUFyZWEtdmVyZGUtSU1HXzIwMjAwNzA2XzE0NTk1NC5qcGciLCJzbGlkZXNob3ciOiI2YWRiOTNkIn0%3D\">\n\t\t\t\t\t<div class=\"e-gallery-image elementor-gallery-item__image\" data-thumbnail=\"https:\/\/appartamenti-valledaosta.it\/wp-content\/uploads\/2024\/09\/Appartamenti-Valle-dAosta-Vieilles-maisons-d-introd-Area-verde-IMG_20200706_145954-1024x768.jpg\" data-width=\"800\" data-height=\"600\" aria-label=\"\" role=\"img\" ><\/div>\n\t\t\t\t\t\t\t\t\t\t\t<div class=\"elementor-gallery-item__overlay\"><\/div>\n\t\t\t\t\t\t\t\t\t\t\t\t\t\t<\/a>\n\t\t\t\t\t\t\t<a class=\"e-gallery-item elementor-gallery-item elementor-animated-content\" href=\"https:\/\/appartamenti-valledaosta.it\/wp-content\/uploads\/2024\/09\/Appartamenti-Valle-dAosta-Vieilles-maisons-d-introd-Area-verde-IMG_20200706_150017.jpg\" data-elementor-open-lightbox=\"yes\" data-elementor-lightbox-slideshow=\"6adb93d\" data-e-action-hash=\"#elementor-action%3Aaction%3Dlightbox%26settings%3DeyJpZCI6MTMyLCJ1cmwiOiJodHRwczpcL1wvYXBwYXJ0YW1lbnRpLXZhbGxlZGFvc3RhLml0XC93cC1jb250ZW50XC91cGxvYWRzXC8yMDI0XC8wOVwvQXBwYXJ0YW1lbnRpLVZhbGxlLWRBb3N0YS1WaWVpbGxlcy1tYWlzb25zLWQtaW50cm9kLUFyZWEtdmVyZGUtSU1HXzIwMjAwNzA2XzE1MDAxNy5qcGciLCJzbGlkZXNob3ciOiI2YWRiOTNkIn0%3D\">\n\t\t\t\t\t<div class=\"e-gallery-image elementor-gallery-item__image\" data-thumbnail=\"https:\/\/appartamenti-valledaosta.it\/wp-content\/uploads\/2024\/09\/Appartamenti-Valle-dAosta-Vieilles-maisons-d-introd-Area-verde-IMG_20200706_150017-768x1024.jpg\" data-width=\"768\" data-height=\"1024\" aria-label=\"\" role=\"img\" ><\/div>\n\t\t\t\t\t\t\t\t\t\t\t<div class=\"elementor-gallery-item__overlay\"><\/div>\n\t\t\t\t\t\t\t\t\t\t\t\t\t\t<\/a>\n\t\t\t\t\t\t\t<a class=\"e-gallery-item elementor-gallery-item elementor-animated-content\" href=\"https:\/\/appartamenti-valledaosta.it\/wp-content\/uploads\/2024\/09\/Appartamenti-Valle-dAosta-Vieilles-maisons-d-introd-Area-verde-IMG_20200706_150047.jpg\" data-elementor-open-lightbox=\"yes\" data-elementor-lightbox-slideshow=\"6adb93d\" data-e-action-hash=\"#elementor-action%3Aaction%3Dlightbox%26settings%3DeyJpZCI6MTMzLCJ1cmwiOiJodHRwczpcL1wvYXBwYXJ0YW1lbnRpLXZhbGxlZGFvc3RhLml0XC93cC1jb250ZW50XC91cGxvYWRzXC8yMDI0XC8wOVwvQXBwYXJ0YW1lbnRpLVZhbGxlLWRBb3N0YS1WaWVpbGxlcy1tYWlzb25zLWQtaW50cm9kLUFyZWEtdmVyZGUtSU1HXzIwMjAwNzA2XzE1MDA0Ny5qcGciLCJzbGlkZXNob3ciOiI2YWRiOTNkIn0%3D\">\n\t\t\t\t\t<div class=\"e-gallery-image elementor-gallery-item__image\" data-thumbnail=\"https:\/\/appartamenti-valledaosta.it\/wp-content\/uploads\/2024\/09\/Appartamenti-Valle-dAosta-Vieilles-maisons-d-introd-Area-verde-IMG_20200706_150047-768x1024.jpg\" data-width=\"768\" data-height=\"1024\" aria-label=\"\" role=\"img\" ><\/div>\n\t\t\t\t\t\t\t\t\t\t\t<div class=\"elementor-gallery-item__overlay\"><\/div>\n\t\t\t\t\t\t\t\t\t\t\t\t\t\t<\/a>\n\t\t\t\t\t\t\t<a class=\"e-gallery-item elementor-gallery-item elementor-animated-content\" href=\"https:\/\/appartamenti-valledaosta.it\/wp-content\/uploads\/2024\/09\/Appartamenti-Valle-dAosta-Vieilles-maisons-d-introd-Area-verde-IMG_20200706_150104.jpg\" data-elementor-open-lightbox=\"yes\" data-elementor-lightbox-slideshow=\"6adb93d\" data-e-action-hash=\"#elementor-action%3Aaction%3Dlightbox%26settings%3DeyJpZCI6MTM0LCJ1cmwiOiJodHRwczpcL1wvYXBwYXJ0YW1lbnRpLXZhbGxlZGFvc3RhLml0XC93cC1jb250ZW50XC91cGxvYWRzXC8yMDI0XC8wOVwvQXBwYXJ0YW1lbnRpLVZhbGxlLWRBb3N0YS1WaWVpbGxlcy1tYWlzb25zLWQtaW50cm9kLUFyZWEtdmVyZGUtSU1HXzIwMjAwNzA2XzE1MDEwNC5qcGciLCJzbGlkZXNob3ciOiI2YWRiOTNkIn0%3D\">\n\t\t\t\t\t<div class=\"e-gallery-image elementor-gallery-item__image\" data-thumbnail=\"https:\/\/appartamenti-valledaosta.it\/wp-content\/uploads\/2024\/09\/Appartamenti-Valle-dAosta-Vieilles-maisons-d-introd-Area-verde-IMG_20200706_150104-1024x768.jpg\" data-width=\"800\" data-height=\"600\" aria-label=\"\" role=\"img\" ><\/div>\n\t\t\t\t\t\t\t\t\t\t\t<div class=\"elementor-gallery-item__overlay\"><\/div>\n\t\t\t\t\t\t\t\t\t\t\t\t\t\t<\/a>\n\t\t\t\t\t\t\t<a class=\"e-gallery-item elementor-gallery-item elementor-animated-content\" href=\"https:\/\/appartamenti-valledaosta.it\/wp-content\/uploads\/2024\/09\/Appartamenti-Valle-dAosta-Vieilles-maisons-d-introd-Area-verde-IMG_20200706_150214.jpg\" data-elementor-open-lightbox=\"yes\" data-elementor-lightbox-slideshow=\"6adb93d\" data-e-action-hash=\"#elementor-action%3Aaction%3Dlightbox%26settings%3DeyJpZCI6MTM1LCJ1cmwiOiJodHRwczpcL1wvYXBwYXJ0YW1lbnRpLXZhbGxlZGFvc3RhLml0XC93cC1jb250ZW50XC91cGxvYWRzXC8yMDI0XC8wOVwvQXBwYXJ0YW1lbnRpLVZhbGxlLWRBb3N0YS1WaWVpbGxlcy1tYWlzb25zLWQtaW50cm9kLUFyZWEtdmVyZGUtSU1HXzIwMjAwNzA2XzE1MDIxNC5qcGciLCJzbGlkZXNob3ciOiI2YWRiOTNkIn0%3D\">\n\t\t\t\t\t<div class=\"e-gallery-image elementor-gallery-item__image\" data-thumbnail=\"https:\/\/appartamenti-valledaosta.it\/wp-content\/uploads\/2024\/09\/Appartamenti-Valle-dAosta-Vieilles-maisons-d-introd-Area-verde-IMG_20200706_150214-768x1024.jpg\" data-width=\"768\" data-height=\"1024\" aria-label=\"\" role=\"img\" ><\/div>\n\t\t\t\t\t\t\t\t\t\t\t<div class=\"elementor-gallery-item__overlay\"><\/div>\n\t\t\t\t\t\t\t\t\t\t\t\t\t\t<\/a>\n\t\t\t\t\t\t\t<a class=\"e-gallery-item elementor-gallery-item elementor-animated-content\" href=\"https:\/\/appartamenti-valledaosta.it\/wp-content\/uploads\/2024\/09\/Appartamenti-Valle-dAosta-Vieilles-maisons-d-introd-Area-verde-IMG_20200706_150223.jpg\" data-elementor-open-lightbox=\"yes\" data-elementor-lightbox-slideshow=\"6adb93d\" data-e-action-hash=\"#elementor-action%3Aaction%3Dlightbox%26settings%3DeyJpZCI6MTM2LCJ1cmwiOiJodHRwczpcL1wvYXBwYXJ0YW1lbnRpLXZhbGxlZGFvc3RhLml0XC93cC1jb250ZW50XC91cGxvYWRzXC8yMDI0XC8wOVwvQXBwYXJ0YW1lbnRpLVZhbGxlLWRBb3N0YS1WaWVpbGxlcy1tYWlzb25zLWQtaW50cm9kLUFyZWEtdmVyZGUtSU1HXzIwMjAwNzA2XzE1MDIyMy5qcGciLCJzbGlkZXNob3ciOiI2YWRiOTNkIn0%3D\">\n\t\t\t\t\t<div class=\"e-gallery-image elementor-gallery-item__image\" data-thumbnail=\"https:\/\/appartamenti-valledaosta.it\/wp-content\/uploads\/2024\/09\/Appartamenti-Valle-dAosta-Vieilles-maisons-d-introd-Area-verde-IMG_20200706_150223-1024x768.jpg\" data-width=\"800\" data-height=\"600\" aria-label=\"\" role=\"img\" ><\/div>\n\t\t\t\t\t\t\t\t\t\t\t<div class=\"elementor-gallery-item__overlay\"><\/div>\n\t\t\t\t\t\t\t\t\t\t\t\t\t\t<\/a>\n\t\t\t\t\t\t\t<a class=\"e-gallery-item elementor-gallery-item elementor-animated-content\" href=\"https:\/\/appartamenti-valledaosta.it\/wp-content\/uploads\/2024\/09\/Appartamenti-Valle-dAosta-Vieilles-maisons-d-introd-Area-verde-IMG_20200706_150355.jpg\" data-elementor-open-lightbox=\"yes\" data-elementor-lightbox-slideshow=\"6adb93d\" data-e-action-hash=\"#elementor-action%3Aaction%3Dlightbox%26settings%3DeyJpZCI6MTM3LCJ1cmwiOiJodHRwczpcL1wvYXBwYXJ0YW1lbnRpLXZhbGxlZGFvc3RhLml0XC93cC1jb250ZW50XC91cGxvYWRzXC8yMDI0XC8wOVwvQXBwYXJ0YW1lbnRpLVZhbGxlLWRBb3N0YS1WaWVpbGxlcy1tYWlzb25zLWQtaW50cm9kLUFyZWEtdmVyZGUtSU1HXzIwMjAwNzA2XzE1MDM1NS5qcGciLCJzbGlkZXNob3ciOiI2YWRiOTNkIn0%3D\">\n\t\t\t\t\t<div class=\"e-gallery-image elementor-gallery-item__image\" data-thumbnail=\"https:\/\/appartamenti-valledaosta.it\/wp-content\/uploads\/2024\/09\/Appartamenti-Valle-dAosta-Vieilles-maisons-d-introd-Area-verde-IMG_20200706_150355-1024x768.jpg\" data-width=\"800\" data-height=\"600\" aria-label=\"\" role=\"img\" ><\/div>\n\t\t\t\t\t\t\t\t\t\t\t<div class=\"elementor-gallery-item__overlay\"><\/div>\n\t\t\t\t\t\t\t\t\t\t\t\t\t\t<\/a>\n\t\t\t\t\t\t\t<a class=\"e-gallery-item elementor-gallery-item elementor-animated-content\" href=\"https:\/\/appartamenti-valledaosta.it\/wp-content\/uploads\/2024\/09\/Appartamenti-Valle-dAosta-Vieilles-maisons-d-introd-Area-verde-IMG_20200706_150425.jpg\" data-elementor-open-lightbox=\"yes\" data-elementor-lightbox-slideshow=\"6adb93d\" data-e-action-hash=\"#elementor-action%3Aaction%3Dlightbox%26settings%3DeyJpZCI6MTM4LCJ1cmwiOiJodHRwczpcL1wvYXBwYXJ0YW1lbnRpLXZhbGxlZGFvc3RhLml0XC93cC1jb250ZW50XC91cGxvYWRzXC8yMDI0XC8wOVwvQXBwYXJ0YW1lbnRpLVZhbGxlLWRBb3N0YS1WaWVpbGxlcy1tYWlzb25zLWQtaW50cm9kLUFyZWEtdmVyZGUtSU1HXzIwMjAwNzA2XzE1MDQyNS5qcGciLCJzbGlkZXNob3ciOiI2YWRiOTNkIn0%3D\">\n\t\t\t\t\t<div class=\"e-gallery-image elementor-gallery-item__image\" data-thumbnail=\"https:\/\/appartamenti-valledaosta.it\/wp-content\/uploads\/2024\/09\/Appartamenti-Valle-dAosta-Vieilles-maisons-d-introd-Area-verde-IMG_20200706_150425-1024x768.jpg\" data-width=\"800\" data-height=\"600\" aria-label=\"\" role=\"img\" ><\/div>\n\t\t\t\t\t\t\t\t\t\t\t<div class=\"elementor-gallery-item__overlay\"><\/div>\n\t\t\t\t\t\t\t\t\t\t\t\t\t\t<\/a>\n\t\t\t\t\t<\/div>\n\t\t\t\t\t<\/div>\n\t\t\t\t<\/div>\n\t\t\t\t\t<\/div>\n\t\t\t\t<\/div>\n\t\t<div class=\"elementor-element elementor-element-365186a e-flex e-con-boxed e-con e-parent\" data-id=\"365186a\" data-element_type=\"container\" data-e-type=\"container\">\n\t\t\t\t\t<div class=\"e-con-inner\">\n\t\t<div class=\"elementor-element elementor-element-0646f32 e-con-full e-flex e-con e-child\" data-id=\"0646f32\" data-element_type=\"container\" data-e-type=\"container\">\n\t\t\t\t<div class=\"elementor-element elementor-element-8eb2bc4 elementor-view-default elementor-widget elementor-widget-icon\" data-id=\"8eb2bc4\" data-element_type=\"widget\" data-e-type=\"widget\" data-widget_type=\"icon.default\">\n\t\t\t\t<div class=\"elementor-widget-container\">\n\t\t\t\t\t\t\t<div class=\"elementor-icon-wrapper\">\n\t\t\t<div class=\"elementor-icon\">\n\t\t\t<svg xmlns=\"http:\/\/www.w3.org\/2000\/svg\" xmlns:xlink=\"http:\/\/www.w3.org\/1999\/xlink\" xmlns:serif=\"http:\/\/www.serif.com\/\" width=\"100%\" height=\"100%\" viewBox=\"0 0 164 6\" xml:space=\"preserve\" style=\"fill-rule:evenodd;clip-rule:evenodd;stroke-linejoin:round;stroke-miterlimit:2;\"><path d=\"M163.552,3.521c-13.486,0.372 -26.972,0.598 -40.459,0.828c-13.487,0.196 -26.974,0.381 -40.46,0.494c-13.487,0.155 -26.973,0.199 -40.46,0.286l-40.459,0.099l-1.704,0.004l-0.003,-1.711l-0.004,-1.807l-0.003,-1.714l1.714,0.004l40.459,0.087l20.23,0.119l10.115,0.06l10.115,0.1l20.23,0.207l20.229,0.275c13.488,0.229 26.974,0.447 40.461,0.816l0.046,0.002l-0.001,0.044l-0.045,1.807Zm-0,0l-0.046,-1.807l0.046,0.046c-13.487,0.369 -26.973,0.587 -40.461,0.816l-20.229,0.275l-20.23,0.208l-10.115,0.099l-10.115,0.06l-20.23,0.12l-40.459,0.087l1.711,-1.711l-0.004,1.807l-1.707,-1.707l40.459,0.099c13.487,0.088 26.973,0.132 40.46,0.287c13.486,0.112 26.973,0.298 40.46,0.493c13.487,0.231 26.973,0.456 40.459,0.828\" style=\"fill-rule:nonzero;\"><\/path><\/svg>\t\t\t<\/div>\n\t\t<\/div>\n\t\t\t\t\t\t<\/div>\n\t\t\t\t<\/div>\n\t\t\t\t<div class=\"elementor-element elementor-element-7823d89 elementor-widget elementor-widget-text-editor\" data-id=\"7823d89\" data-element_type=\"widget\" data-e-type=\"widget\" data-widget_type=\"text-editor.default\">\n\t\t\t\t<div class=\"elementor-widget-container\">\n\t\t\t\t\t\t\t\t\t<p>Respect de l&rsquo;environnement et utilisation des \u00e9nergies renouvelables.<\/p>\n\t\t\t\t\t\t\t\t<\/div>\n\t\t\t\t<\/div>\n\t\t\t\t<div class=\"elementor-element elementor-element-e3174d7 elementor-view-default elementor-widget elementor-widget-icon\" data-id=\"e3174d7\" data-element_type=\"widget\" data-e-type=\"widget\" data-widget_type=\"icon.default\">\n\t\t\t\t<div class=\"elementor-widget-container\">\n\t\t\t\t\t\t\t<div class=\"elementor-icon-wrapper\">\n\t\t\t<div class=\"elementor-icon\">\n\t\t\t<svg xmlns=\"http:\/\/www.w3.org\/2000\/svg\" xmlns:xlink=\"http:\/\/www.w3.org\/1999\/xlink\" xmlns:serif=\"http:\/\/www.serif.com\/\" width=\"100%\" height=\"100%\" viewBox=\"0 0 1221 40\" xml:space=\"preserve\" style=\"fill-rule:evenodd;clip-rule:evenodd;stroke-linejoin:round;stroke-miterlimit:2;\"><path d=\"M0.348,26.28c100.649,-2.78 201.297,-4.464 301.945,-6.177c100.648,-1.465 201.304,-2.844 301.952,-3.69c100.648,-1.151 201.296,-1.478 301.944,-2.132l301.945,-0.739l-12.738,12.738l-0.021,-13.485l12.759,12.76l-301.945,-0.647l-150.975,-0.896l-75.485,-0.448l-75.484,-0.739l-150.976,-1.549l-150.976,-2.048c-100.648,-1.713 -201.296,-3.341 -301.945,-6.092l0.342,-0.341l-0.342,13.485Zm0,-0l-0.341,-13.485l-0.007,-0.334l0.348,-0.007c100.649,-2.758 201.297,-4.386 301.945,-6.099l150.976,-2.047l150.976,-1.55l75.484,-0.739l75.485,-0.448l150.975,-0.896l301.945,-0.647l12.795,-0.028l-0.028,12.795l-0.029,13.485l-0.021,12.767l-12.717,-0.029l-301.945,-0.739c-100.648,-0.654 -201.296,-0.981 -301.944,-2.133c-100.648,-0.846 -201.304,-2.225 -301.952,-3.689c-100.648,-1.713 -201.296,-3.398 -301.945,-6.177\" style=\"fill-rule:nonzero;\"><\/path><\/svg>\t\t\t<\/div>\n\t\t<\/div>\n\t\t\t\t\t\t<\/div>\n\t\t\t\t<\/div>\n\t\t\t\t<\/div>\n\t\t\t\t\t<\/div>\n\t\t\t\t<\/div>\n\t\t<div class=\"elementor-element elementor-element-27d7adb e-flex e-con-boxed e-con e-parent\" data-id=\"27d7adb\" data-element_type=\"container\" data-e-type=\"container\">\n\t\t\t\t\t<div class=\"e-con-inner\">\n\t\t<div class=\"elementor-element elementor-element-088085a e-con-full e-flex e-con e-child\" data-id=\"088085a\" data-element_type=\"container\" data-e-type=\"container\">\n\t\t\t\t<div class=\"elementor-element elementor-element-9d0c796 elementor-widget elementor-widget-text-editor\" data-id=\"9d0c796\" data-element_type=\"widget\" data-e-type=\"widget\" data-widget_type=\"text-editor.default\">\n\t\t\t\t<div class=\"elementor-widget-container\">\n\t\t\t\t\t\t\t\t\t<p>Tous les appartements Vieilles Maisons utilisent un syst\u00e8me de chauffage \u00e0 copeaux de bois : il s&rsquo;agit de bois coup\u00e9 LOCAL (km. 0) qui est utilis\u00e9 comme combustible dans la chaudi\u00e8re.<\/p>\n\t\t\t\t\t\t\t\t<\/div>\n\t\t\t\t<\/div>\n\t\t\t\t<\/div>\n\t\t<div class=\"elementor-element elementor-element-60a749e e-con-full e-flex e-con e-child\" data-id=\"60a749e\" data-element_type=\"container\" data-e-type=\"container\">\n\t\t\t\t<div class=\"elementor-element elementor-element-a0d88eb elementor-widget elementor-widget-text-editor\" data-id=\"a0d88eb\" data-element_type=\"widget\" data-e-type=\"widget\" data-widget_type=\"text-editor.default\">\n\t\t\t\t<div class=\"elementor-widget-container\">\n\t\t\t\t\t\t\t\t\t<p><span style=\"text-align: var(--text-align);\">Les copeaux de bois sont une source d&rsquo;\u00e9nergie propre et renouvelable.<\/span><\/p>\n<\/p>\n<p>Les copeaux de bois peuvent \u00eatre produits \u00e0 partir de d\u00e9chets de l&rsquo;agriculture et de la sylviculture ou de cultures d\u00e9di\u00e9es (\u00e0 courte rotation).<\/p>\n<\/p>\n<p>Les copeaux de bois sont utilis\u00e9s \u00e0 la fois pour la production d&rsquo;\u00e9lectricit\u00e9 et pour la production de chaleur, ou sous forme combin\u00e9e dans les centrales de cog\u00e9n\u00e9ration.<\/p>\n<\/p>\n<p>Il peut alimenter aussi bien les petites installations (quelques kW) que les grandes installations de l&rsquo;ordre de plusieurs MW.<\/p>\n\t\t\t\t\t\t\t\t<\/div>\n\t\t\t\t<\/div>\n\t\t\t\t<\/div>\n\t\t\t\t\t<\/div>\n\t\t\t\t<\/div>\n\t\t\t\t<\/div>\n\t\t","protected":false},"excerpt":{"rendered":"<p>Jardin de 8 000 m\u00e8tres carr\u00e9s. disponible pour tous les invit\u00e9s &nbsp;L&lsquo;espace vert situ\u00e9 \u00e0 quelques pas des maisons (route \u00e0 traverser) est un jardin de 8 000 m2 \u00e9quip\u00e9 de chaises, de tables, de transats et d&rsquo;un barbecue, id\u00e9al pour unepause d\u00e9tente et pour les jeux des enfants. L&rsquo;espace est \u00e9galement \u00e9quip\u00e9 d&rsquo;un petit [&hellip;]<\/p>\n","protected":false},"author":1,"featured_media":0,"parent":0,"menu_order":0,"comment_status":"closed","ping_status":"closed","template":"","meta":{"_joinchat":[],"footnotes":""},"class_list":["post-824","page","type-page","status-publish","hentry"],"_links":{"self":[{"href":"https:\/\/appartamenti-valledaosta.it\/fr\/wp-json\/wp\/v2\/pages\/824","targetHints":{"allow":["GET"]}}],"collection":[{"href":"https:\/\/appartamenti-valledaosta.it\/fr\/wp-json\/wp\/v2\/pages"}],"about":[{"href":"https:\/\/appartamenti-valledaosta.it\/fr\/wp-json\/wp\/v2\/types\/page"}],"author":[{"embeddable":true,"href":"https:\/\/appartamenti-valledaosta.it\/fr\/wp-json\/wp\/v2\/users\/1"}],"replies":[{"embeddable":true,"href":"https:\/\/appartamenti-valledaosta.it\/fr\/wp-json\/wp\/v2\/comments?post=824"}],"version-history":[{"count":1,"href":"https:\/\/appartamenti-valledaosta.it\/fr\/wp-json\/wp\/v2\/pages\/824\/revisions"}],"predecessor-version":[{"id":825,"href":"https:\/\/appartamenti-valledaosta.it\/fr\/wp-json\/wp\/v2\/pages\/824\/revisions\/825"}],"wp:attachment":[{"href":"https:\/\/appartamenti-valledaosta.it\/fr\/wp-json\/wp\/v2\/media?parent=824"}],"curies":[{"name":"wp","href":"https:\/\/api.w.org\/{rel}","templated":true}]}}